{"id":9620,"date":"2021-05-07T03:57:36","date_gmt":"2021-05-07T03:57:36","guid":{"rendered":"https:\/\/adamo.ro\/politica-de-confidentialitate\/"},"modified":"2022-07-22T17:55:43","modified_gmt":"2022-07-22T17:55:43","slug":"politica-de-confidentialitate","status":"publish","type":"page","link":"https:\/\/adamo.ro\/ro\/politica-de-confidentialitate\/","title":{"rendered":"Politic\u0103 de confiden\u021bialitate"},"content":{"rendered":"<div class=\"wpb-content-wrapper\"><p>[vc_row padding_top_multiplier=&#8221;3x&#8221; padding_bottom_multiplier=&#8221;&#8221; mobile_columns_vertical_gap=&#8221;none&#8221; separator_top=&#8221;wave-right-separator&#8221; separator_top_size=&#8221;20%&#8221; separator_top_color=&#8221;#f2f2f2&#8243;][vc_column width=&#8221;1\/12&#8243;][\/vc_column][vc_column width=&#8221;5\/6&#8243; grve_css=&#8221;{&#8222;desktop&#8222;:{&#8222;margin-top&#8222;:&#8222;0&#8222;,&#8222;class&#8222;:&#8222;grve-wpb-1658511926034&#8222;},&#8222;mobile_landscape&#8222;:{&#8222;margin-top&#8222;:&#8222;50px&#8222;}}&#8221;]<h3 class=\"grve-element grve-title grve-align-inherit grve-h3 grve-with-line grve-bottom-line\"><span>Despre noi <\/span><span class=\"grve-title-line grve-bg-primary-1\" style=\"width: 120px;height: 2px;\"><\/span><\/h3>[vc_column_text]Site-ul <a href=\"http:\/\/www.adamo.ro\">www.adamo.ro<\/a> apar\u021bine Anmar Rent SRL\u00a0persoan\u0103 juridic\u0103 cu sediul \u00een\u00a0Blvd Aviatorilor\u00a0 nr 65A, sector 1, Bucure\u0219ti,\u00a0\u00eenregistrat\u0103 la Registrul Comer\u021bului cu Nr.\u00a0J40\/12817\/2015, CIF\u00a035146395 iar prezentul document con\u021bine informa\u021bii importante despre colectarea \u0219i prelucrarea datelor cu character personal.<\/p>\n<p>\u00cen calitate de operator de date, prelucr\u0103m datele dumneavoastr\u0103 cu caracter personal \u00een conformitate cu Regulamentul (UE) 2016\/679 (GDPR) privind protec\u021bia persoanelor fizice \u00een ceea ce prive\u0219te prelucrarea datelor cu caracter personal \u0219i privind libera circula\u021bie a acestor date. Conform GDPR \u201ePrelucrare\u201d \u00eenseamn\u0103 orice opera\u021biune sau set de opera\u021biuni efectuate asupra datelor cu caracter personal, cu sau f\u0103r\u0103 utilizarea de mijloace automatizate, cum ar fi colectarea, \u00eenregistrarea, organizarea, stocarea, consultarea, utilizarea, divulgarea prin transmitere, \u0219tergerea, distrugerea etc.[\/vc_column_text][\/vc_column][vc_column width=&#8221;1\/12&#8243;][\/vc_column][\/vc_row][vc_row padding_bottom_multiplier=&#8221;&#8221; separator_top_size=&#8221;20%&#8221; separator_top_color=&#8221;#f2f2f2&#8243;][vc_column width=&#8221;1\/12&#8243;][\/vc_column][vc_column width=&#8221;5\/6&#8243;]<div class=\"grve-element grve-divider\" style=\"padding-bottom: 28px;\"><span class=\"grve-custom-divider grve-bg-grey grve-align-center\" style=\"width: 200px;height: 2px;\"><\/span><\/div><h3 class=\"grve-element grve-title grve-align-inherit grve-h3 grve-with-line grve-bottom-line\"><span>Ce date prelucr\u0103m?<\/span><span class=\"grve-title-line grve-bg-primary-1\" style=\"width: 120px;height: 2px;\"><\/span><\/h3>[vc_column_text]Ne place s\u0103 oferim servicii de calitate \u0219i pentru a face posibil acest lucru este nevoie de un minim de informa\u021bii pentru a putea r\u0103spunde mesajelor voastre, \u00een vederea evalu\u0103rii serviciilor oferite, precum \u0219i a exercit\u0103rii unor activit\u0103\u021bi comerciale, de promovare a bunurilor \u0219i serviciilor, de marketing, publicitate, de dezvoltare, de cercetare de pia\u021b\u0103, statistic\u0103, activit\u0103\u021bi administrative \u0219i de media. Astfel, pentru derularea tuturor activit\u0103\u021bilor enumerate mai sus sunte\u021bi de acord s\u0103 ne furniza\u021bi urm\u0103toarele date cu caracter personal:<\/p>\n<ul>\n<li>Date de identificare \u0219i date de contact: nume, prenume, adres\u0103 e-mail, num\u0103r de telefon<\/li>\n<li>Date personale cuprinse \u00een CV, \u00een vederea aplic\u0103rii pentru un job \u00een cadrul restaurantului nostru<\/li>\n<li>Mesaje, comunic\u0103ri cu dumneavoastr\u0103 care pot include detalii despre conversa\u021bii prin chat, telefon sau alte mijloace de comunicare<\/li>\n<\/ul>\n<p>[\/vc_column_text][\/vc_column][vc_column width=&#8221;1\/12&#8243;][\/vc_column][\/vc_row][vc_row separator_top_size=&#8221;20%&#8221; separator_top_color=&#8221;#f2f2f2&#8243;][vc_column width=&#8221;1\/12&#8243;][\/vc_column][vc_column width=&#8221;5\/6&#8243;]<div class=\"grve-element grve-divider\" style=\"padding-bottom: 50px;\"><span class=\"grve-custom-divider grve-bg-grey grve-align-center\" style=\"width: 200px;height: 2px;\"><\/span><\/div><h3 class=\"grve-element grve-title grve-align-inherit grve-h3 grve-with-line grve-bottom-line\"><span>Cum colect\u0103m datele?<\/span><span class=\"grve-title-line grve-bg-primary-1\" style=\"width: 120px;height: 2px;\"><\/span><\/h3>[vc_column_text]Colect\u0103m date cu caracter personal ca urmare a partenariatului existent, prin intermediul site-ului nostru sau direct \u00een loca\u021bie, atunci c\u00e2nd efectua\u021bi o rezervare, completa\u021bi formularul de contact, v\u0103 abona\u021bi la newsletter-ul nostru, v\u0103 crea\u021bi un cont, ne trimite\u021bi o cerere \u00een vederea aplic\u0103rii pentru un loc de munc\u0103.[\/vc_column_text][\/vc_column][vc_column width=&#8221;1\/12&#8243;][\/vc_column][\/vc_row][vc_row padding_bottom_multiplier=&#8221;&#8221; separator_top_size=&#8221;20%&#8221; separator_top_color=&#8221;#f2f2f2&#8243;][vc_column width=&#8221;1\/12&#8243;][\/vc_column][vc_column width=&#8221;5\/6&#8243;]<div class=\"grve-element grve-divider\" style=\"padding-bottom: 50px;\"><span class=\"grve-custom-divider grve-bg-grey grve-align-center\" style=\"width: 200px;height: 2px;\"><\/span><\/div><h3 class=\"grve-element grve-title grve-align-inherit grve-h3 grve-with-line grve-bottom-line\"><span>Care este scopul colect\u0103rii \u0219i prelucr\u0103rii datelor?<\/span><span class=\"grve-title-line grve-bg-primary-1\" style=\"width: 120px;height: 2px;\"><\/span><\/h3>[vc_column_text]Datele cu caracter personal furnizate cu consim\u021b\u0103m\u00e2ntul dumneavoastr\u0103 sunt folosite \u00een principal \u00een scopul efctu\u0103rii \u0219i gestion\u0103rii rezerv\u0103rilor, \u00een vederea contact\u0103rii dumneavoastr\u0103 pentru diverse ac\u021biuni de marketing: participarea la sondaje privind satisfac\u021bia clien\u021bilor, procesarea si gestionarea solicit\u0103rilor \u0219i reclama\u021biilor, stabilirea interviurilor de recrutare, concursuri, evenimente, lans\u0103ri de noi produse \u0219i servicii.\u00a0 Ave\u021bi oric\u00e2nd posibilitatea de a v\u0103 alege modul \u00een care dori\u021bi s\u0103 fi\u021bi contactat inclusiv op\u021biunea de a nu mai primi mesaje promo\u021bionale, cu condi\u021bia s\u0103 ne notifica\u021bi \u00een scris sau s\u0103 folosi\u021bi butonul \u201ddezabonare\u201d.[\/vc_column_text][\/vc_column][vc_column width=&#8221;1\/12&#8243;][\/vc_column][\/vc_row][vc_row padding_bottom_multiplier=&#8221;&#8221; separator_top_size=&#8221;20%&#8221; separator_top_color=&#8221;#f2f2f2&#8243;][vc_column width=&#8221;1\/12&#8243;][\/vc_column][vc_column width=&#8221;5\/6&#8243;]<div class=\"grve-element grve-divider\" style=\"padding-bottom: 50px;\"><span class=\"grve-custom-divider grve-bg-grey grve-align-center\" style=\"width: 200px;height: 2px;\"><\/span><\/div><h3 class=\"grve-element grve-title grve-align-inherit grve-h3 grve-with-line grve-bottom-line\"><span>Temeiul legal \u00een baza c\u0103ruia prelucr\u0103m date cu caracter personal<\/span><span class=\"grve-title-line grve-bg-primary-1\" style=\"width: 120px;height: 2px;\"><\/span><\/h3>[vc_column_text]Prelucrarea datelor cu caracter personal are la baz\u0103 mai multe temeiuri legale, \u00een func\u021bie de scopul utliz\u0103rii, precum: (i) obliga\u021bia legal\u0103 (date necesare pentru respectarea unei obliga\u021bii legale); (ii) executarea unui contract (date necesare pentru executarea unui contract la care sunte\u021bi parte sau pentru a lua m\u0103suri la solicitarea dumneavoastr\u0103 \u00eenainte de a \u00eencheia un contract); (iii) consim\u021b\u0103m\u00e2ntul dumneavoastr\u0103; \u0219i (iv) \u00een interesul nostru legitim.<\/p>\n<p>\u201dinteres legitim&#8221;: furnizarea de informa\u021bii \u0219i\/sau servicii persoanelor care viziteaz\u0103 site-ul nostru web sau furnizarea de informa\u021bii despre oportunit\u0103\u021bile de angajare; prevenirea fraudelor sau activit\u0103\u021bii infrac\u021bionale \u0219i protec\u021bia sistemelor IT; personalizarea experien\u021bei online \u0219i \u00eembun\u0103t\u0103\u021birea performan\u021bei, capacitatea de utilizare \u0219i eficien\u021ba prezen\u021bei online; efectuarea \u0219i analiza activit\u0103\u021bilor noastre de marketing; exercitarea drepturilor fundamentale \u00een UE \u00een conformitate cu articolele 16 \u0219i 17 din Carta drepturilor fundamentale, inclusiv libertatea noastr\u0103 de a conduce o afacere \u0219i dreptul la proprietate.[\/vc_column_text][\/vc_column][vc_column width=&#8221;1\/12&#8243;][\/vc_column][\/vc_row][vc_row padding_bottom_multiplier=&#8221;&#8221; separator_top_size=&#8221;20%&#8221; separator_top_color=&#8221;#f2f2f2&#8243;][vc_column width=&#8221;1\/12&#8243;][\/vc_column][vc_column width=&#8221;5\/6&#8243;]<div class=\"grve-element grve-divider\" style=\"padding-bottom: 50px;\"><span class=\"grve-custom-divider grve-bg-grey grve-align-center\" style=\"width: 200px;height: 2px;\"><\/span><\/div><h3 class=\"grve-element grve-title grve-align-inherit grve-h3 grve-with-line grve-bottom-line\"><span>Cine are acces la datele dvs.?<\/span><span class=\"grve-title-line grve-bg-primary-1\" style=\"width: 120px;height: 2px;\"><\/span><\/h3>[vc_column_text]\u00cen scopul func\u021bion\u0103rii eficiente a site-ului \u0219i a \u00eentregii activit\u0103\u021bi, Anmar Rent SRL utilizeaz\u0103 diferite servicii de la furnizori externi sau interni (\u201dpersoane \u00eemputernicite de operator\u201d), parteneri de \u00eencredere c\u0103rora le putem transmite o parte din datele cu caracter personal colectate de la Dvs., cu men\u021biunea expres\u0103 c\u0103 vom apela doar la persoane \u00eemputernicite care ofer\u0103 garan\u0163ii suficiente pentru punerea \u00een aplicare a unor m\u0103suri tehnice \u015fi organizatorice adecvate, astfel \u00eenc\u00e2t prelucrarea s\u0103 respecte cerin\u0163ele prev\u0103zute \u00een Regulament \u015fi s\u0103 asigure protec\u0163ia drepturilor Dvs. Categoriile de servicii pentru care colabor\u0103m cu furnizorii mai sus men\u021biona\u021bi \u0219i datele cu caracter personal transferate acestora sunt urm\u0103toarele:<\/p>\n<ul>\n<li>Furnizori de servicii IT &#8211; SMTP (comunicare email), furnizori platforme IT, servicii de hosting, CRM, \u00eentre\u021binere \u0219i suport baze de date \u0219i software<\/li>\n<li>Servicii de facturare<\/li>\n<li>Servicii de suport \/ project management<\/li>\n<li>Servicii de marketing<\/li>\n<\/ul>\n<p>De asemenea, putem divulga datele dumneavoastr\u0103 cu caracter personal c\u0103tre ter\u021bi, \u00een cazul \u00een care avem obliga\u021bia de a distribui date cu caracter personal pentru a respecta o obliga\u021bie legal\u0103 sau o hot\u0103r\u00e2re judec\u0103toreasc\u0103.<\/p>\n<p>Datele dumneavoastr\u0103 cu caracter personal sunt stocate pe servere \u00een Uniunea European\u0103. \u00cen situa\u021bia \u00een care acestea s-ar prelucra \u00een afara Spa\u021biului Economic European (SEE) acest transfer se va face numai cu respectarea dispozi\u021biilor legale aplicabile si vom va face tot posibilul pentru ca acest transfer interna\u021bional de date s\u0103 beneficieze de nivelul de securitate \u0219i garan\u021biile solicitate.[\/vc_column_text][\/vc_column][vc_column width=&#8221;1\/12&#8243;][\/vc_column][\/vc_row][vc_row padding_bottom_multiplier=&#8221;&#8221; separator_top_size=&#8221;20%&#8221; separator_top_color=&#8221;#f2f2f2&#8243;][vc_column width=&#8221;1\/12&#8243;][\/vc_column][vc_column width=&#8221;5\/6&#8243;]<div class=\"grve-element grve-divider\" style=\"padding-bottom: 50px;\"><span class=\"grve-custom-divider grve-bg-grey grve-align-center\" style=\"width: 200px;height: 2px;\"><\/span><\/div><h3 class=\"grve-element grve-title grve-align-inherit grve-h3 grve-with-line grve-bottom-line\"><span>C\u00e2t timp sunt stocate datele dvs.?<\/span><span class=\"grve-title-line grve-bg-primary-1\" style=\"width: 120px;height: 2px;\"><\/span><\/h3>[vc_column_text]Datele cu caracter personal furnizate de dumneavoastr\u0103 vor fi prelucrate \u015fi stocate pe perioada derul\u0103rii rela\u021biilor noastre contractuale, precum \u0219i ulterior, pentru a \u00eendeplini obliga\u021biile impuse de lege, cu respectarea procedurilor interne privind reten\u021bia datelor, inclusiv a regulilor de arhivare aplicabile.[\/vc_column_text][\/vc_column][vc_column width=&#8221;1\/12&#8243;][\/vc_column][\/vc_row][vc_row padding_bottom_multiplier=&#8221;&#8221; separator_top_size=&#8221;20%&#8221; separator_top_color=&#8221;#f2f2f2&#8243;][vc_column width=&#8221;1\/12&#8243;][\/vc_column][vc_column width=&#8221;5\/6&#8243;]<div class=\"grve-element grve-divider\" style=\"padding-bottom: 50px;\"><span class=\"grve-custom-divider grve-bg-grey grve-align-center\" style=\"width: 200px;height: 2px;\"><\/span><\/div><h3 class=\"grve-element grve-title grve-align-inherit grve-h3 grve-with-line grve-bottom-line\"><span>Care sunt drepturile dvs.?<\/span><span class=\"grve-title-line grve-bg-primary-1\" style=\"width: 120px;height: 2px;\"><\/span><\/h3>[vc_column_text]\u00cen ceea ce prive\u0219te prelucrarea datelor, conform GDPR ave\u021bi urm\u0103toarele drepturi:<\/p>\n<p><strong><em>Dreptul la informare<\/em><\/strong>, respectiv dreptul de a primi informa\u021bii clare, accesibile privind activit\u0103\u021bile de prelucrare efectuate de c\u0103tre\u00a0de\u021bin\u0103torul site-ului, conform celor descrise \u00een prezentul document, acesta fiind \u0219i scopul informa\u021biilor incluse \u00een aceast\u0103 Politic\u0103 de Confiden\u021bialitate.<\/p>\n<p><strong><em>Dreptul de acces la date<\/em><\/strong>, dreptul de a ob\u021bine din partea noastr\u0103 o confirmare a faptului c\u0103 prelucr\u0103m sau nu date cu caracter personal care v\u0103 privesc. \u00cen cazul \u00een care confirm\u0103m faptul c\u0103 de\u021binem datele dumneavoastr\u0103 cu caracter personal, ave\u021bi dreptul s\u0103 le accesa\u021bi \u0219i s\u0103 ob\u021bine\u021bi o serie de informa\u021bii suplimentare relevante, cum ar fi: scopurile prelucr\u0103rii, categoriile de date cu caracter personal utilizate, eventualele categorii de destinatari ai datelor, perioada de stocare, sursa colect\u0103rii datelor \u0219i drepturile dumneavoastr\u0103 \u00een leg\u0103tur\u0103 cu datele, precum \u0219i alte categorii de informa\u021bii prev\u0103zute \u00een art. 15 (1) din GDPR.<\/p>\n<p>Trebuie s\u0103 ave\u021bi \u00een vedere c\u0103 dreptul de acces nu este unul absolut, \u00een sensul c\u0103 exercitarea acestuia de c\u0103tre dumneavoastr\u0103 nu trebuie s\u0103 afecteze drepturile \u0219i libert\u0103\u021bile altor persoane. \u00cen cazul \u00een care consider\u0103m c\u0103 cererea de acces afecteaz\u0103 drepturile altor persoane, v\u0103 vom r\u0103spunde \u00een acest sens.<\/p>\n<p><strong><em>Dreptul la rectificare<\/em><\/strong>, respectiv dispune\u021bi de posibilitatea de a ne solicita rectificarea datelor inexacte care v\u0103 privesc sau, eventual, completarea datelor cu caracter personal care sunt incomplete.<\/p>\n<p><strong><em>Dreptul la \u0219tergerea datelor<\/em><\/strong>, f\u0103r\u0103 \u00eent\u00e2rzieri nejustificate, (\u201edreptul de a fi uitat\u201d), \u00een cazul \u00een care se<br \/>\naplic\u0103 unul dintre urm\u0103toarele motive:<\/p>\n<p>acestea nu mai sunt necesare pentru \u00eendeplinirea scopurilor pentru care au fost colectate sau<br \/>\nprelucrate;<br \/>\n\u00een cazul \u00een care persoana vizat\u0103 se opune prelucr\u0103rii \u0219i nu exist\u0103 motive legitime care s\u0103 prevaleze;<br \/>\n\u00een cazul \u00een care datele cu caracter personal au fost prelucrate ilegal;<br \/>\n\u00een cazul \u00een care datele cu caracter personal trebuie \u0219terse pentru respectarea unei obliga\u021bii legale;<br \/>\ndatele cu caracter personal au fost colectate \u00een leg\u0103tur\u0103 cu oferirea de servicii ale societ\u0103\u021bii<br \/>\ninforma\u021bionale conform dreptului Uniunii sau al dreptului intern sub incidenta c\u0103ruia se afl\u0103<br \/>\noperatorul.<\/p>\n<p><strong><em>Dreptul la restric\u021bionarea prelucr\u0103rii <\/em><\/strong>\u00een m\u0103sura \u00een care :<br \/>\n\u2022 persoana contest\u0103 exactitatea datelor, pe o perioad\u0103 care ne permite verificarea corectitudinii datelor;<br \/>\n\u2022 prelucrarea este ilegal\u0103, iar persoana vizat\u0103 se opune \u0219tergerii datelor cu caracter personal, solicit\u00e2nd \u00een schimb restric\u021bionarea utiliz\u0103rii lor;<\/p>\n<p>\u2022 operatorul nu mai are nevoie de datele cu caracter personal \u00een scopul prelucr\u0103rii, dar persoana vizat\u0103 i le solicit\u0103 pentru constatarea, exercitarea sau ap\u0103rarea unui drept \u00een instan\u021b\u0103; sau persoana vizat\u0103 s-a opus prelucr\u0103rii (altele dec\u00e2t cele de marketing direct), pentru intervalul de timp \u00een care se verific\u0103 dac\u0103 drepturile legitime ale operatorului prevaleaz\u0103 asupra celor ale persoanei vizate.<\/p>\n<p><strong><em>Dreptul la portabilitatea datelor<\/em><\/strong>, respectiv (i) dreptul de a primi datele cu caracter personal \u00eentr-o modalitate structurat\u0103, folosit\u0103 \u00een mod obi\u0219nuit \u0219i \u00eentr-un format u\u0219or de citit, precum \u0219i (ii) dreptul ca aceste date s\u0103 fie transmise de c\u0103tre de\u021bintorul site-ului\u00a0\u00a0c\u0103tre alt operator de date, \u00een m\u0103sura \u00een care sunt \u00eendeplinite condi\u021biile prev\u0103zute de lege;<\/p>\n<p><strong><em>Dreptul la opozi\u021bie<\/em><\/strong> \u2013 \u00een ceea ce prive\u0219te activit\u0103\u021bile de prelucrare se poate exercita prin transmiterea unei solicit\u0103ri conform celor indicate mai jos:<\/p>\n<p>-\u00een orice moment, din motive legate de situa\u021bia particular\u0103 \u00een care se afl\u0103 persoana vizat\u0103, ca datele care o vizeaz\u0103 s\u0103 fie prelucrate \u00een temeiul interesului legitim al de\u021bin\u0103torului de site\u00a0 sau \u00een temeiul interesului public, cu excep\u021bia cazurilor \u00een care de\u021bin\u0103torul site-ului\u00a0 poate demonstra c\u0103 are motive legitime \u0219i imperioase care justific\u0103 prelucarea \u0219i care prevaleaz\u0103 asupra intereselor, drepturilor \u0219i libert\u0103\u021bilor persoanelor vizate sau c\u0103 scopul este constatarea, exercitarea sau apararea unui drept \u00een instan\u021b\u0103;<\/p>\n<p>-\u00een orice moment, \u00een mod gratuit \u0219i f\u0103r\u0103 nicio justificare, c\u0103 datele care o vizeaz\u0103 s\u0103 fie prelucrate \u00een scop de marketing direct.<\/p>\n<p><strong><em>Dreptul de a nu fi supus unei decizii individuale automate<\/em><\/strong>, respectiv dreptul de a nu fi subiectul unei decizii luate numai pe baza unor activit\u0103\u021bi de prelucrare automate, inclusiv crearea de profiluri, care produce efecte juridice care privesc persoana vizat\u0103 sau o afecteaz\u0103 \u00een mod similar \u00eentr-o m\u0103sur\u0103 semnificativ\u0103;<\/p>\n<p><strong><em>Dreptul de a v\u0103 adresa<\/em><\/strong> Autorit\u0103\u0163ii Na\u0163ionale de Supraveghere a Prelucr\u0103rii Datelor cu Caracter Personal sau instan\u021belor competente, \u00een m\u0103sura \u00een care considera\u021bi necesar.[\/vc_column_text][\/vc_column][vc_column width=&#8221;1\/12&#8243;][\/vc_column][\/vc_row][vc_row padding_bottom_multiplier=&#8221;&#8221; separator_top_size=&#8221;20%&#8221; separator_top_color=&#8221;#f2f2f2&#8243;][vc_column width=&#8221;1\/12&#8243;][\/vc_column][vc_column width=&#8221;5\/6&#8243;]<div class=\"grve-element grve-divider\" style=\"padding-bottom: 50px;\"><span class=\"grve-custom-divider grve-bg-grey grve-align-center\" style=\"width: 200px;height: 2px;\"><\/span><\/div><h3 class=\"grve-element grve-title grve-align-inherit grve-h3 grve-with-line grve-bottom-line\"><span>Cum ave\u021bi acces la datele dvs?<\/span><span class=\"grve-title-line grve-bg-primary-1\" style=\"width: 120px;height: 2px;\"><\/span><\/h3>[vc_column_text]Pentru orice \u00eentreb\u0103ri suplimentare cu privire la modul \u00een care datele cu caracter personal sunt prelucrate \u0219i pentru a v\u0103 exercita drepturile men\u021bionate mai sus, v\u0103 rug\u0103m s\u0103 v\u0103 adresa\u021bi la adresa de email din pagina de contact. Vom r\u0103spunde solicit\u0103rii dvs. f\u0103r\u0103 \u00eent\u00e2rzieri nejustificate, \u00een termen de cel mult o luna, cu excep\u021bia situa\u021biei \u00een care din cauza complexit\u0103\u021bii sau a num\u0103rului cererilor vom fi nevoi\u021bi sa prelungim termenul de r\u0103spuns cu maximul prev\u0103zut de GDPR.[\/vc_column_text][\/vc_column][vc_column width=&#8221;1\/12&#8243;][\/vc_column][\/vc_row][vc_row padding_bottom_multiplier=&#8221;2x&#8221; separator_top_size=&#8221;20%&#8221; separator_top_color=&#8221;#f2f2f2&#8243;][vc_column width=&#8221;1\/12&#8243;][\/vc_column][vc_column width=&#8221;5\/6&#8243;]<div class=\"grve-element grve-divider\" style=\"padding-bottom: 50px;\"><span class=\"grve-custom-divider grve-bg-grey grve-align-center\" style=\"width: 200px;height: 2px;\"><\/span><\/div><h3 class=\"grve-element grve-title grve-align-inherit grve-h3 grve-with-line grve-bottom-line\"><span>Dispozi\u021bii finale<\/span><span class=\"grve-title-line grve-bg-primary-1\" style=\"width: 120px;height: 2px;\"><\/span><\/h3>[vc_column_text]Nu suntem r\u0103spunz\u0103tori pentru politicile de confiden\u021bialitate ale site-urilor partenere, ale c\u0103ror linkuri pot ap\u0103rea \u00een site-ul nostru. V\u0103 rug\u0103m s\u0103 verifica\u021bi aceste politici \u00eenainte de a trimite date personale pe aceste pagini de internet ale ter\u021bilor.<\/p>\n<p>De asemenea, putem modifica aceasta politic\u0103 de confiden\u021bialitate la anumite perioade de timp. Orice modific\u0103ri se vor reg\u0103si \u00een site-ul nostru.<\/p>\n<p>Prezentul document a fost creat \u0219i se afl\u0103 \u00een vigoare \u00eencep\u00e2nd cu data de: 01.07.2022[\/vc_column_text][\/vc_column][vc_column width=&#8221;1\/12&#8243;][\/vc_column][\/vc_row]<\/p>\n<\/div>","protected":false},"excerpt":{"rendered":"<p>[vc_row padding_top_multiplier=&#8221;3x&#8221; padding_bottom_multiplier=&#8221;&#8221; mobile_columns_vertical_gap=&#8221;none&#8221; separator_top=&#8221;wave-right-separator&#8221; separator_top_size=&#8221;20%&#8221; separator_top_color=&#8221;#f2f2f2&#8243;][vc_column width=&#8221;1\/12&#8243;][\/vc_column][vc_column width=&#8221;5\/6&#8243; grve_css=&#8221;{&#8222;desktop&#8222;:{&#8222;margin-top&#8222;:&#8222;0&#8222;,&#8222;class&#8222;:&#8222;grve-wpb-1658511926034&#8222;},&#8222;mobile_landscape&#8222;:{&#8222;margin-top&#8222;:&#8222;50px&#8222;}}&#8221;][vc_column_text]Site-ul www.adamo.ro apar\u021bine Anmar Rent SRL\u00a0persoan\u0103 juridic\u0103 cu sediul \u00een\u00a0Blvd Aviatorilor\u00a0 nr 65A, sector 1, Bucure\u0219ti,\u00a0\u00eenregistrat\u0103 la Registrul Comer\u021bului cu Nr.\u00a0J40\/12817\/2015, CIF\u00a035146395 iar prezentul document con\u021bine informa\u021bii importante despre colectarea \u0219i prelucrarea datelor cu character personal. \u00cen calitate de operator de date, prelucr\u0103m datele dumneavoastr\u0103 cu [&hellip;]<\/p>\n","protected":false},"author":1,"featured_media":0,"parent":0,"menu_order":0,"comment_status":"closed","ping_status":"open","template":"","meta":{"inline_featured_image":false,"footnotes":""},"class_list":["post-9620","page","type-page","status-publish","hentry","grve-entry-item"],"yoast_head":"<!-- This site is optimized with the Yoast SEO plugin v27.0 - https:\/\/yoast.com\/product\/yoast-seo-wordpress\/ -->\n<title>Politic\u0103 de confiden\u021bialitate | Adamo<\/title>\n<meta name=\"robots\" content=\"index, follow, max-snippet:-1, max-image-preview:large, max-video-preview:-1\" \/>\n<link rel=\"canonical\" href=\"https:\/\/adamo.ro\/ro\/politica-de-confidentialitate\/\" \/>\n<meta property=\"og:locale\" content=\"ro_RO\" \/>\n<meta property=\"og:type\" content=\"article\" \/>\n<meta property=\"og:title\" content=\"Politic\u0103 de confiden\u021bialitate | Adamo\" \/>\n<meta property=\"og:description\" content=\"[vc_row padding_top_multiplier=&#8221;3x&#8221; padding_bottom_multiplier=&#8221;&#8221; mobile_columns_vertical_gap=&#8221;none&#8221; separator_top=&#8221;wave-right-separator&#8221; separator_top_size=&#8221;20%&#8221; separator_top_color=&#8221;#f2f2f2&#8243;][vc_column width=&#8221;1\/12&#8243;][\/vc_column][vc_column width=&#8221;5\/6&#8243; grve_css=&#8221;{&#8222;desktop&#8222;:{&#8222;margin-top&#8222;:&#8222;0&#8222;,&#8222;class&#8222;:&#8222;grve-wpb-1658511926034&#8222;},&#8222;mobile_landscape&#8222;:{&#8222;margin-top&#8222;:&#8222;50px&#8222;}}&#8221;][vc_column_text]Site-ul www.adamo.ro apar\u021bine Anmar Rent SRL\u00a0persoan\u0103 juridic\u0103 cu sediul \u00een\u00a0Blvd Aviatorilor\u00a0 nr 65A, sector 1, Bucure\u0219ti,\u00a0\u00eenregistrat\u0103 la Registrul Comer\u021bului cu Nr.\u00a0J40\/12817\/2015, CIF\u00a035146395 iar prezentul document con\u021bine informa\u021bii importante despre colectarea \u0219i prelucrarea datelor cu character personal. \u00cen calitate de operator de date, prelucr\u0103m datele dumneavoastr\u0103 cu [&hellip;]\" \/>\n<meta property=\"og:url\" content=\"https:\/\/adamo.ro\/ro\/politica-de-confidentialitate\/\" \/>\n<meta property=\"og:site_name\" content=\"Adamo\" \/>\n<meta property=\"article:publisher\" content=\"https:\/\/www.facebook.com\/adamo\" \/>\n<meta property=\"article:modified_time\" content=\"2022-07-22T17:55:43+00:00\" \/>\n<meta name=\"twitter:card\" content=\"summary_large_image\" \/>\n<meta name=\"twitter:label1\" content=\"Timp estimat pentru citire\" \/>\n\t<meta name=\"twitter:data1\" content=\"13 minute\" \/>\n<script type=\"application\/ld+json\" class=\"yoast-schema-graph\">{\"@context\":\"https:\/\/schema.org\",\"@graph\":[{\"@type\":\"WebPage\",\"@id\":\"https:\/\/adamo.ro\/ro\/politica-de-confidentialitate\/\",\"url\":\"https:\/\/adamo.ro\/ro\/politica-de-confidentialitate\/\",\"name\":\"Politic\u0103 de confiden\u021bialitate | Adamo\",\"isPartOf\":{\"@id\":\"https:\/\/adamo.ro\/ro\/#website\"},\"datePublished\":\"2021-05-07T03:57:36+00:00\",\"dateModified\":\"2022-07-22T17:55:43+00:00\",\"breadcrumb\":{\"@id\":\"https:\/\/adamo.ro\/ro\/politica-de-confidentialitate\/#breadcrumb\"},\"inLanguage\":\"ro-RO\",\"potentialAction\":[{\"@type\":\"ReadAction\",\"target\":[\"https:\/\/adamo.ro\/ro\/politica-de-confidentialitate\/\"]}]},{\"@type\":\"BreadcrumbList\",\"@id\":\"https:\/\/adamo.ro\/ro\/politica-de-confidentialitate\/#breadcrumb\",\"itemListElement\":[{\"@type\":\"ListItem\",\"position\":1,\"name\":\"Home\",\"item\":\"https:\/\/adamo.ro\/ro\/\"},{\"@type\":\"ListItem\",\"position\":2,\"name\":\"Politic\u0103 de confiden\u021bialitate\"}]},{\"@type\":\"WebSite\",\"@id\":\"https:\/\/adamo.ro\/ro\/#website\",\"url\":\"https:\/\/adamo.ro\/ro\/\",\"name\":\"Adamo\",\"description\":\"Restaurant\",\"publisher\":{\"@id\":\"https:\/\/adamo.ro\/ro\/#organization\"},\"potentialAction\":[{\"@type\":\"SearchAction\",\"target\":{\"@type\":\"EntryPoint\",\"urlTemplate\":\"https:\/\/adamo.ro\/ro\/?s={search_term_string}\"},\"query-input\":{\"@type\":\"PropertyValueSpecification\",\"valueRequired\":true,\"valueName\":\"search_term_string\"}}],\"inLanguage\":\"ro-RO\"},{\"@type\":\"Organization\",\"@id\":\"https:\/\/adamo.ro\/ro\/#organization\",\"name\":\"Adamo\",\"url\":\"https:\/\/adamo.ro\/ro\/\",\"logo\":{\"@type\":\"ImageObject\",\"inLanguage\":\"ro-RO\",\"@id\":\"https:\/\/adamo.ro\/ro\/#\/schema\/logo\/image\/\",\"url\":\"https:\/\/adamo.ro\/wp-content\/uploads\/2021\/05\/Logo-Adamo-Negru.png\",\"contentUrl\":\"https:\/\/adamo.ro\/wp-content\/uploads\/2021\/05\/Logo-Adamo-Negru.png\",\"width\":512,\"height\":263,\"caption\":\"Adamo\"},\"image\":{\"@id\":\"https:\/\/adamo.ro\/ro\/#\/schema\/logo\/image\/\"},\"sameAs\":[\"https:\/\/www.facebook.com\/adamo\",\"https:\/\/www.instagram.com\/adamo\/\"]}]}<\/script>\n<!-- \/ Yoast SEO plugin. -->","yoast_head_json":{"title":"Politic\u0103 de confiden\u021bialitate | Adamo","robots":{"index":"index","follow":"follow","max-snippet":"max-snippet:-1","max-image-preview":"max-image-preview:large","max-video-preview":"max-video-preview:-1"},"canonical":"https:\/\/adamo.ro\/ro\/politica-de-confidentialitate\/","og_locale":"ro_RO","og_type":"article","og_title":"Politic\u0103 de confiden\u021bialitate | Adamo","og_description":"[vc_row padding_top_multiplier=&#8221;3x&#8221; padding_bottom_multiplier=&#8221;&#8221; mobile_columns_vertical_gap=&#8221;none&#8221; separator_top=&#8221;wave-right-separator&#8221; separator_top_size=&#8221;20%&#8221; separator_top_color=&#8221;#f2f2f2&#8243;][vc_column width=&#8221;1\/12&#8243;][\/vc_column][vc_column width=&#8221;5\/6&#8243; grve_css=&#8221;{&#8222;desktop&#8222;:{&#8222;margin-top&#8222;:&#8222;0&#8222;,&#8222;class&#8222;:&#8222;grve-wpb-1658511926034&#8222;},&#8222;mobile_landscape&#8222;:{&#8222;margin-top&#8222;:&#8222;50px&#8222;}}&#8221;][vc_column_text]Site-ul www.adamo.ro apar\u021bine Anmar Rent SRL\u00a0persoan\u0103 juridic\u0103 cu sediul \u00een\u00a0Blvd Aviatorilor\u00a0 nr 65A, sector 1, Bucure\u0219ti,\u00a0\u00eenregistrat\u0103 la Registrul Comer\u021bului cu Nr.\u00a0J40\/12817\/2015, CIF\u00a035146395 iar prezentul document con\u021bine informa\u021bii importante despre colectarea \u0219i prelucrarea datelor cu character personal. \u00cen calitate de operator de date, prelucr\u0103m datele dumneavoastr\u0103 cu [&hellip;]","og_url":"https:\/\/adamo.ro\/ro\/politica-de-confidentialitate\/","og_site_name":"Adamo","article_publisher":"https:\/\/www.facebook.com\/adamo","article_modified_time":"2022-07-22T17:55:43+00:00","twitter_card":"summary_large_image","twitter_misc":{"Timp estimat pentru citire":"13 minute"},"schema":{"@context":"https:\/\/schema.org","@graph":[{"@type":"WebPage","@id":"https:\/\/adamo.ro\/ro\/politica-de-confidentialitate\/","url":"https:\/\/adamo.ro\/ro\/politica-de-confidentialitate\/","name":"Politic\u0103 de confiden\u021bialitate | Adamo","isPartOf":{"@id":"https:\/\/adamo.ro\/ro\/#website"},"datePublished":"2021-05-07T03:57:36+00:00","dateModified":"2022-07-22T17:55:43+00:00","breadcrumb":{"@id":"https:\/\/adamo.ro\/ro\/politica-de-confidentialitate\/#breadcrumb"},"inLanguage":"ro-RO","potentialAction":[{"@type":"ReadAction","target":["https:\/\/adamo.ro\/ro\/politica-de-confidentialitate\/"]}]},{"@type":"BreadcrumbList","@id":"https:\/\/adamo.ro\/ro\/politica-de-confidentialitate\/#breadcrumb","itemListElement":[{"@type":"ListItem","position":1,"name":"Home","item":"https:\/\/adamo.ro\/ro\/"},{"@type":"ListItem","position":2,"name":"Politic\u0103 de confiden\u021bialitate"}]},{"@type":"WebSite","@id":"https:\/\/adamo.ro\/ro\/#website","url":"https:\/\/adamo.ro\/ro\/","name":"Adamo","description":"Restaurant","publisher":{"@id":"https:\/\/adamo.ro\/ro\/#organization"},"potentialAction":[{"@type":"SearchAction","target":{"@type":"EntryPoint","urlTemplate":"https:\/\/adamo.ro\/ro\/?s={search_term_string}"},"query-input":{"@type":"PropertyValueSpecification","valueRequired":true,"valueName":"search_term_string"}}],"inLanguage":"ro-RO"},{"@type":"Organization","@id":"https:\/\/adamo.ro\/ro\/#organization","name":"Adamo","url":"https:\/\/adamo.ro\/ro\/","logo":{"@type":"ImageObject","inLanguage":"ro-RO","@id":"https:\/\/adamo.ro\/ro\/#\/schema\/logo\/image\/","url":"https:\/\/adamo.ro\/wp-content\/uploads\/2021\/05\/Logo-Adamo-Negru.png","contentUrl":"https:\/\/adamo.ro\/wp-content\/uploads\/2021\/05\/Logo-Adamo-Negru.png","width":512,"height":263,"caption":"Adamo"},"image":{"@id":"https:\/\/adamo.ro\/ro\/#\/schema\/logo\/image\/"},"sameAs":["https:\/\/www.facebook.com\/adamo","https:\/\/www.instagram.com\/adamo\/"]}]}},"_links":{"self":[{"href":"https:\/\/adamo.ro\/ro\/wp-json\/wp\/v2\/pages\/9620","targetHints":{"allow":["GET"]}}],"collection":[{"href":"https:\/\/adamo.ro\/ro\/wp-json\/wp\/v2\/pages"}],"about":[{"href":"https:\/\/adamo.ro\/ro\/wp-json\/wp\/v2\/types\/page"}],"author":[{"embeddable":true,"href":"https:\/\/adamo.ro\/ro\/wp-json\/wp\/v2\/users\/1"}],"replies":[{"embeddable":true,"href":"https:\/\/adamo.ro\/ro\/wp-json\/wp\/v2\/comments?post=9620"}],"version-history":[{"count":0,"href":"https:\/\/adamo.ro\/ro\/wp-json\/wp\/v2\/pages\/9620\/revisions"}],"wp:attachment":[{"href":"https:\/\/adamo.ro\/ro\/wp-json\/wp\/v2\/media?parent=9620"}],"curies":[{"name":"wp","href":"https:\/\/api.w.org\/{rel}","templated":true}]}}